{"id":48,"date":"2022-09-12T18:41:50","date_gmt":"2022-09-12T18:41:50","guid":{"rendered":"https:\/\/agnieszkachechlowska.pl\/?page_id=48"},"modified":"2023-01-07T21:13:13","modified_gmt":"2023-01-07T21:13:13","slug":"o-fotografii","status":"publish","type":"page","link":"https:\/\/agnieszkachechlowska.pl\/index.php\/o-fotografii\/","title":{"rendered":"O fotografii"},"content":{"rendered":"\t\t<div data-elementor-type=\"wp-page\" data-elementor-id=\"48\" class=\"elementor elementor-48\">\n\t\t\t\t\t\t\t\t\t<section class=\"elementor-section elementor-top-section elementor-element elementor-element-72c3f9c elementor-section-boxed elementor-section-height-default elementor-section-height-default\" data-id=\"72c3f9c\" data-element_type=\"section\">\n\t\t\t\t\t\t<div class=\"elementor-container elementor-column-gap-default\">\n\t\t\t\t\t<div class=\"elementor-column elementor-col-100 elementor-top-column elementor-element elementor-element-69da04f\" data-id=\"69da04f\" data-element_type=\"column\">\n\t\t\t<div class=\"elementor-widget-wrap elementor-element-populated\">\n\t\t\t\t\t\t\t\t<div class=\"elementor-element elementor-element-522fc36 elementor-widget elementor-widget-spacer\" data-id=\"522fc36\" data-element_type=\"widget\" data-widget_type=\"spacer.default\">\n\t\t\t\t<div class=\"elementor-widget-container\">\n\t\t\t<style>\/*! elementor - v3.7.4 - 31-08-2022 *\/\n.elementor-column .elementor-spacer-inner{height:var(--spacer-size)}.e-container{--container-widget-width:100%}.e-container>.elementor-widget-spacer{width:var(--container-widget-width,var(--spacer-size));-ms-flex-item-align:stretch;align-self:stretch;-ms-flex-negative:0;flex-shrink:0}.e-container>.elementor-widget-spacer>.elementor-widget-container,.e-container>.elementor-widget-spacer>.elementor-widget-container>.elementor-spacer{height:100%}.e-container>.elementor-widget-spacer>.elementor-widget-container>.elementor-spacer>.elementor-spacer-inner{height:var(--container-widget-height,var(--spacer-size))}<\/style>\t\t<div class=\"elementor-spacer\">\n\t\t\t<div class=\"elementor-spacer-inner\"><\/div>\n\t\t<\/div>\n\t\t\t\t<\/div>\n\t\t\t\t<\/div>\n\t\t\t\t<div class=\"elementor-element elementor-element-2180066 elementor-grid-2 elementor-grid-tablet-2 elementor-grid-mobile-1 elementor-posts--thumbnail-top elementor-card-shadow-yes elementor-posts__hover-gradient elementor-widget elementor-widget-posts\" data-id=\"2180066\" data-element_type=\"widget\" data-settings=\"{&quot;cards_columns&quot;:&quot;2&quot;,&quot;cards_columns_tablet&quot;:&quot;2&quot;,&quot;cards_columns_mobile&quot;:&quot;1&quot;,&quot;cards_row_gap&quot;:{&quot;unit&quot;:&quot;px&quot;,&quot;size&quot;:35,&quot;sizes&quot;:[]},&quot;cards_row_gap_tablet&quot;:{&quot;unit&quot;:&quot;px&quot;,&quot;size&quot;:&quot;&quot;,&quot;sizes&quot;:[]},&quot;cards_row_gap_mobile&quot;:{&quot;unit&quot;:&quot;px&quot;,&quot;size&quot;:&quot;&quot;,&quot;sizes&quot;:[]}}\" data-widget_type=\"posts.cards\">\n\t\t\t\t<div class=\"elementor-widget-container\">\n\t\t\t<link rel=\"stylesheet\" href=\"https:\/\/agnieszkachechlowska.pl\/wp-content\/plugins\/elementor-pro\/assets\/css\/widget-posts.min.css\">\t\t<div class=\"elementor-posts-container elementor-posts elementor-posts--skin-cards elementor-grid\">\n\t\t\t\t<article class=\"elementor-post elementor-grid-item post-10870 post type-post status-publish format-standard has-post-thumbnail hentry category-uncategorized\">\n\t\t\t<div class=\"elementor-post__card\">\n\t\t\t\t<a class=\"elementor-post__thumbnail__link\" href=\"https:\/\/agnieszkachechlowska.pl\/index.php\/2023\/03\/09\/sesja-narzeczenska-saszy-i-daszy\/\" ><div class=\"elementor-post__thumbnail\"><img width=\"800\" height=\"534\" src=\"https:\/\/agnieszkachechlowska.pl\/wp-content\/uploads\/2023\/03\/DSC03521-1024x683.jpg\" class=\"attachment-large size-large\" alt=\"\" loading=\"lazy\" srcset=\"https:\/\/agnieszkachechlowska.pl\/wp-content\/uploads\/2023\/03\/DSC03521-1024x683.jpg 1024w, https:\/\/agnieszkachechlowska.pl\/wp-content\/uploads\/2023\/03\/DSC03521-300x200.jpg 300w, https:\/\/agnieszkachechlowska.pl\/wp-content\/uploads\/2023\/03\/DSC03521-768x512.jpg 768w, https:\/\/agnieszkachechlowska.pl\/wp-content\/uploads\/2023\/03\/DSC03521-1536x1024.jpg 1536w, https:\/\/agnieszkachechlowska.pl\/wp-content\/uploads\/2023\/03\/DSC03521-2048x1365.jpg 2048w\" sizes=\"(max-width: 800px) 100vw, 800px\" \/><\/div><\/a>\n\t\t\t\t<div class=\"elementor-post__text\">\n\t\t\t\t<h3 class=\"elementor-post__title\">\n\t\t\t<a href=\"https:\/\/agnieszkachechlowska.pl\/index.php\/2023\/03\/09\/sesja-narzeczenska-saszy-i-daszy\/\" >\n\t\t\t\tSesja narzecze\u0144ska Saszy i Daszy\t\t\t<\/a>\n\t\t<\/h3>\n\t\t\t\t<div class=\"elementor-post__excerpt\">\n\t\t\t<p>Sasza i Dasza na sesji\u00a0narzecze\u0144skiej Do kolejnego!\u00a0<\/p>\n\t\t<\/div>\n\t\t\t\t<\/div>\n\t\t\t\t<div class=\"elementor-post__meta-data\">\n\t\t\t\t\t<span class=\"elementor-post-date\">\n\t\t\t9 marca, 2023\t\t<\/span>\n\t\t\t\t<span class=\"elementor-post-avatar\">\n\t\t\tBrak komentarzy\t\t<\/span>\n\t\t\t\t<\/div>\n\t\t\t\t\t<\/div>\n\t\t<\/article>\n\t\t\t\t<article class=\"elementor-post elementor-grid-item post-10818 post type-post status-publish format-standard has-post-thumbnail hentry category-uncategorized\">\n\t\t\t<div class=\"elementor-post__card\">\n\t\t\t\t<a class=\"elementor-post__thumbnail__link\" href=\"https:\/\/agnieszkachechlowska.pl\/index.php\/2023\/02\/23\/fotografia-eventowa-reportaz-visa-i-bicie-rekordu-guinessa\/\" ><div class=\"elementor-post__thumbnail\"><img width=\"800\" height=\"534\" src=\"https:\/\/agnieszkachechlowska.pl\/wp-content\/uploads\/2023\/02\/DSC01873-min-1024x683.jpg\" class=\"attachment-large size-large\" alt=\"\" loading=\"lazy\" srcset=\"https:\/\/agnieszkachechlowska.pl\/wp-content\/uploads\/2023\/02\/DSC01873-min-1024x683.jpg 1024w, https:\/\/agnieszkachechlowska.pl\/wp-content\/uploads\/2023\/02\/DSC01873-min-300x200.jpg 300w, https:\/\/agnieszkachechlowska.pl\/wp-content\/uploads\/2023\/02\/DSC01873-min-768x512.jpg 768w, https:\/\/agnieszkachechlowska.pl\/wp-content\/uploads\/2023\/02\/DSC01873-min-1536x1024.jpg 1536w, https:\/\/agnieszkachechlowska.pl\/wp-content\/uploads\/2023\/02\/DSC01873-min-2048x1365.jpg 2048w\" sizes=\"(max-width: 800px) 100vw, 800px\" \/><\/div><\/a>\n\t\t\t\t<div class=\"elementor-post__text\">\n\t\t\t\t<h3 class=\"elementor-post__title\">\n\t\t\t<a href=\"https:\/\/agnieszkachechlowska.pl\/index.php\/2023\/02\/23\/fotografia-eventowa-reportaz-visa-i-bicie-rekordu-guinessa\/\" >\n\t\t\t\tFotografia eventowa &#8211; Reporta\u017c Visa i Bicie Rekordu Guinessa\t\t\t<\/a>\n\t\t<\/h3>\n\t\t\t\t<div class=\"elementor-post__excerpt\">\n\t\t\t<p>Fotografia\u00a0eventowa &#8211; Reporta\u017c Visa i bicie Rekordu Guinessa w Sheraton Sopot Hotel Zdj\u0119cia z event\u00f3w, wydarze\u0144 kulturalnych i bankiet\u00f3w to ciekawy spos\u00f3b, aby pokaza\u0107 Twoj\u0105<\/p>\n\t\t<\/div>\n\t\t\t\t<\/div>\n\t\t\t\t<div class=\"elementor-post__meta-data\">\n\t\t\t\t\t<span class=\"elementor-post-date\">\n\t\t\t23 lutego, 2023\t\t<\/span>\n\t\t\t\t<span class=\"elementor-post-avatar\">\n\t\t\tBrak komentarzy\t\t<\/span>\n\t\t\t\t<\/div>\n\t\t\t\t\t<\/div>\n\t\t<\/article>\n\t\t\t\t<article class=\"elementor-post elementor-grid-item post-10809 post type-post status-publish format-standard has-post-thumbnail hentry category-uncategorized\">\n\t\t\t<div class=\"elementor-post__card\">\n\t\t\t\t<a class=\"elementor-post__thumbnail__link\" href=\"https:\/\/agnieszkachechlowska.pl\/index.php\/2023\/01\/13\/plenerowa-sesja-slubna-na-dachu-wiktoria-i-maciej\/\" ><div class=\"elementor-post__thumbnail\"><img width=\"800\" height=\"534\" src=\"https:\/\/agnieszkachechlowska.pl\/wp-content\/uploads\/2023\/01\/DSC03803-min-1024x683.jpg\" class=\"attachment-large size-large\" alt=\"\" loading=\"lazy\" srcset=\"https:\/\/agnieszkachechlowska.pl\/wp-content\/uploads\/2023\/01\/DSC03803-min-1024x683.jpg 1024w, https:\/\/agnieszkachechlowska.pl\/wp-content\/uploads\/2023\/01\/DSC03803-min-300x200.jpg 300w, https:\/\/agnieszkachechlowska.pl\/wp-content\/uploads\/2023\/01\/DSC03803-min-768x512.jpg 768w, https:\/\/agnieszkachechlowska.pl\/wp-content\/uploads\/2023\/01\/DSC03803-min-1536x1024.jpg 1536w, https:\/\/agnieszkachechlowska.pl\/wp-content\/uploads\/2023\/01\/DSC03803-min-2048x1365.jpg 2048w\" sizes=\"(max-width: 800px) 100vw, 800px\" \/><\/div><\/a>\n\t\t\t\t<div class=\"elementor-post__text\">\n\t\t\t\t<h3 class=\"elementor-post__title\">\n\t\t\t<a href=\"https:\/\/agnieszkachechlowska.pl\/index.php\/2023\/01\/13\/plenerowa-sesja-slubna-na-dachu-wiktoria-i-maciej\/\" >\n\t\t\t\tPlenerowa sesja \u015blubna na dachu &#8211; Wiktoria i Maciej\t\t\t<\/a>\n\t\t<\/h3>\n\t\t\t\t<div class=\"elementor-post__excerpt\">\n\t\t\t<p>Plenerowa sesja \u015blubna na dachu &#8211; Wiktoria i Maciej\u00a0 Do kolejnego!\u00a0<\/p>\n\t\t<\/div>\n\t\t\t\t<\/div>\n\t\t\t\t<div class=\"elementor-post__meta-data\">\n\t\t\t\t\t<span class=\"elementor-post-date\">\n\t\t\t13 stycznia, 2023\t\t<\/span>\n\t\t\t\t<span class=\"elementor-post-avatar\">\n\t\t\tBrak komentarzy\t\t<\/span>\n\t\t\t\t<\/div>\n\t\t\t\t\t<\/div>\n\t\t<\/article>\n\t\t\t\t<article class=\"elementor-post elementor-grid-item post-10732 post type-post status-publish format-standard has-post-thumbnail hentry category-uncategorized\">\n\t\t\t<div class=\"elementor-post__card\">\n\t\t\t\t<a class=\"elementor-post__thumbnail__link\" href=\"https:\/\/agnieszkachechlowska.pl\/index.php\/2023\/01\/11\/zimowa-sesja-zdjeciowa-w-siedlisku\/\" ><div class=\"elementor-post__thumbnail\"><img width=\"800\" height=\"534\" src=\"https:\/\/agnieszkachechlowska.pl\/wp-content\/uploads\/2023\/01\/DSC02836-1024x683.jpg\" class=\"attachment-large size-large\" alt=\"\" loading=\"lazy\" srcset=\"https:\/\/agnieszkachechlowska.pl\/wp-content\/uploads\/2023\/01\/DSC02836-1024x683.jpg 1024w, https:\/\/agnieszkachechlowska.pl\/wp-content\/uploads\/2023\/01\/DSC02836-300x200.jpg 300w, https:\/\/agnieszkachechlowska.pl\/wp-content\/uploads\/2023\/01\/DSC02836-768x512.jpg 768w, https:\/\/agnieszkachechlowska.pl\/wp-content\/uploads\/2023\/01\/DSC02836-1536x1024.jpg 1536w, https:\/\/agnieszkachechlowska.pl\/wp-content\/uploads\/2023\/01\/DSC02836-2048x1365.jpg 2048w\" sizes=\"(max-width: 800px) 100vw, 800px\" \/><\/div><\/a>\n\t\t\t\t<div class=\"elementor-post__text\">\n\t\t\t\t<h3 class=\"elementor-post__title\">\n\t\t\t<a href=\"https:\/\/agnieszkachechlowska.pl\/index.php\/2023\/01\/11\/zimowa-sesja-zdjeciowa-w-siedlisku\/\" >\n\t\t\t\tZimowa sesja zdj\u0119ciowa w Siedlisku\t\t\t<\/a>\n\t\t<\/h3>\n\t\t\t\t<div class=\"elementor-post__excerpt\">\n\t\t\t<p>Zimowa sesja zdj\u0119ciowa w Siedlisku\u00a0 Troch\u0119 \u015bniegu ju\u017c za nami, dlatego tym razem poka\u017c\u0119 Wam efekty sesji z modelk\u0105 w przytulnym i cichym siedlisku. Malownicza<\/p>\n\t\t<\/div>\n\t\t\t\t<\/div>\n\t\t\t\t<div class=\"elementor-post__meta-data\">\n\t\t\t\t\t<span class=\"elementor-post-date\">\n\t\t\t11 stycznia, 2023\t\t<\/span>\n\t\t\t\t<span class=\"elementor-post-avatar\">\n\t\t\tBrak komentarzy\t\t<\/span>\n\t\t\t\t<\/div>\n\t\t\t\t\t<\/div>\n\t\t<\/article>\n\t\t\t\t<article class=\"elementor-post elementor-grid-item post-10685 post type-post status-publish format-standard has-post-thumbnail hentry category-uncategorized\">\n\t\t\t<div class=\"elementor-post__card\">\n\t\t\t\t<a class=\"elementor-post__thumbnail__link\" href=\"https:\/\/agnieszkachechlowska.pl\/index.php\/2023\/01\/07\/sesja-zdjeciowa-do-polsko-ukrainskiej-ksiazki-kulinarnej\/\" ><div class=\"elementor-post__thumbnail\"><img width=\"800\" height=\"534\" src=\"https:\/\/agnieszkachechlowska.pl\/wp-content\/uploads\/2023\/01\/DSC04334-1024x683.jpg\" class=\"attachment-large size-large\" alt=\"\" loading=\"lazy\" srcset=\"https:\/\/agnieszkachechlowska.pl\/wp-content\/uploads\/2023\/01\/DSC04334-1024x683.jpg 1024w, https:\/\/agnieszkachechlowska.pl\/wp-content\/uploads\/2023\/01\/DSC04334-300x200.jpg 300w, https:\/\/agnieszkachechlowska.pl\/wp-content\/uploads\/2023\/01\/DSC04334-768x512.jpg 768w, https:\/\/agnieszkachechlowska.pl\/wp-content\/uploads\/2023\/01\/DSC04334-1536x1024.jpg 1536w, https:\/\/agnieszkachechlowska.pl\/wp-content\/uploads\/2023\/01\/DSC04334-2048x1365.jpg 2048w\" sizes=\"(max-width: 800px) 100vw, 800px\" \/><\/div><\/a>\n\t\t\t\t<div class=\"elementor-post__text\">\n\t\t\t\t<h3 class=\"elementor-post__title\">\n\t\t\t<a href=\"https:\/\/agnieszkachechlowska.pl\/index.php\/2023\/01\/07\/sesja-zdjeciowa-do-polsko-ukrainskiej-ksiazki-kulinarnej\/\" >\n\t\t\t\tSesja zdj\u0119ciowa do polsko-ukrai\u0144skiej ksi\u0105\u017cki kulinarnej\t\t\t<\/a>\n\t\t<\/h3>\n\t\t\t\t<div class=\"elementor-post__excerpt\">\n\t\t\t<p>Sesja zdj\u0119ciowa do polsko-ukrai\u0144skiej ksi\u0105\u017cki kulinarnej Jaki\u015b czas temu wykona\u0142am sesj\u0119 zdj\u0119ciow\u0105 do powstaj\u0105cej polsko-ukrai\u0144skiej ksi\u0105\u017cki kulinarnej z daniami kuchni Podlasia Nadbu\u017ca\u0144skiego i Regionu Nadbu\u017cnego<\/p>\n\t\t<\/div>\n\t\t\t\t<\/div>\n\t\t\t\t<div class=\"elementor-post__meta-data\">\n\t\t\t\t\t<span class=\"elementor-post-date\">\n\t\t\t7 stycznia, 2023\t\t<\/span>\n\t\t\t\t<span class=\"elementor-post-avatar\">\n\t\t\tBrak komentarzy\t\t<\/span>\n\t\t\t\t<\/div>\n\t\t\t\t\t<\/div>\n\t\t<\/article>\n\t\t\t\t<article class=\"elementor-post elementor-grid-item post-10642 post type-post status-publish format-standard has-post-thumbnail hentry category-uncategorized\">\n\t\t\t<div class=\"elementor-post__card\">\n\t\t\t\t<a class=\"elementor-post__thumbnail__link\" href=\"https:\/\/agnieszkachechlowska.pl\/index.php\/2022\/11\/26\/sesja-w-zakladzie-karnym\/\" ><div class=\"elementor-post__thumbnail\"><img width=\"800\" height=\"534\" src=\"https:\/\/agnieszkachechlowska.pl\/wp-content\/uploads\/2022\/11\/DSC00503-1-1024x683.jpg\" class=\"attachment-large size-large\" alt=\"\" loading=\"lazy\" srcset=\"https:\/\/agnieszkachechlowska.pl\/wp-content\/uploads\/2022\/11\/DSC00503-1-1024x683.jpg 1024w, https:\/\/agnieszkachechlowska.pl\/wp-content\/uploads\/2022\/11\/DSC00503-1-300x200.jpg 300w, https:\/\/agnieszkachechlowska.pl\/wp-content\/uploads\/2022\/11\/DSC00503-1-768x512.jpg 768w, https:\/\/agnieszkachechlowska.pl\/wp-content\/uploads\/2022\/11\/DSC00503-1-1536x1024.jpg 1536w, https:\/\/agnieszkachechlowska.pl\/wp-content\/uploads\/2022\/11\/DSC00503-1-2048x1365.jpg 2048w\" sizes=\"(max-width: 800px) 100vw, 800px\" \/><\/div><\/a>\n\t\t\t\t<div class=\"elementor-post__text\">\n\t\t\t\t<h3 class=\"elementor-post__title\">\n\t\t\t<a href=\"https:\/\/agnieszkachechlowska.pl\/index.php\/2022\/11\/26\/sesja-w-zakladzie-karnym\/\" >\n\t\t\t\tSesja w Zak\u0142adzie Karnym\t\t\t<\/a>\n\t\t<\/h3>\n\t\t\t\t<div class=\"elementor-post__excerpt\">\n\t\t\t<p>Sesja w Zak\u0142adzie Karnym Sesja fotograficzna w zak\u0142adzie karnym? Brzmi do\u015b\u0107 abstrakcyjnie. W tym miejscu by\u0142am kiedy\u015b na studiach i nie pomy\u015bla\u0142abym, \u017ce wr\u00f3c\u0119 tam<\/p>\n\t\t<\/div>\n\t\t\t\t<\/div>\n\t\t\t\t<div class=\"elementor-post__meta-data\">\n\t\t\t\t\t<span class=\"elementor-post-date\">\n\t\t\t26 listopada, 2022\t\t<\/span>\n\t\t\t\t<span class=\"elementor-post-avatar\">\n\t\t\tBrak komentarzy\t\t<\/span>\n\t\t\t\t<\/div>\n\t\t\t\t\t<\/div>\n\t\t<\/article>\n\t\t\t\t<article class=\"elementor-post elementor-grid-item post-10607 post type-post status-publish format-standard has-post-thumbnail hentry category-uncategorized\">\n\t\t\t<div class=\"elementor-post__card\">\n\t\t\t\t<a class=\"elementor-post__thumbnail__link\" href=\"https:\/\/agnieszkachechlowska.pl\/index.php\/2022\/11\/09\/fotografia-reklamowa-pracownia-rewitalizacji-mebli\/\" ><div class=\"elementor-post__thumbnail\"><img width=\"800\" height=\"534\" src=\"https:\/\/agnieszkachechlowska.pl\/wp-content\/uploads\/2022\/11\/DSC08795-min-1024x683.jpg\" class=\"attachment-large size-large\" alt=\"\" loading=\"lazy\" srcset=\"https:\/\/agnieszkachechlowska.pl\/wp-content\/uploads\/2022\/11\/DSC08795-min-1024x683.jpg 1024w, https:\/\/agnieszkachechlowska.pl\/wp-content\/uploads\/2022\/11\/DSC08795-min-300x200.jpg 300w, https:\/\/agnieszkachechlowska.pl\/wp-content\/uploads\/2022\/11\/DSC08795-min-768x512.jpg 768w, https:\/\/agnieszkachechlowska.pl\/wp-content\/uploads\/2022\/11\/DSC08795-min-1536x1024.jpg 1536w, https:\/\/agnieszkachechlowska.pl\/wp-content\/uploads\/2022\/11\/DSC08795-min-2048x1365.jpg 2048w\" sizes=\"(max-width: 800px) 100vw, 800px\" \/><\/div><\/a>\n\t\t\t\t<div class=\"elementor-post__text\">\n\t\t\t\t<h3 class=\"elementor-post__title\">\n\t\t\t<a href=\"https:\/\/agnieszkachechlowska.pl\/index.php\/2022\/11\/09\/fotografia-reklamowa-pracownia-rewitalizacji-mebli\/\" >\n\t\t\t\tFotografia reklamowa &#8211; Pracownia Rewitalizacji Mebli\t\t\t<\/a>\n\t\t<\/h3>\n\t\t\t\t<div class=\"elementor-post__excerpt\">\n\t\t\t<p>Sesja reklamowa w Pracowni Rewitalizacji Mebli\u00a0 W tej pracowni robi\u0105 pi\u0119kne rzeczy. Starym meblom daj\u0105 drugie \u017cycie. Tworz\u0105 ich unikalny wygl\u0105d, nie zapominaj\u0105c o zostawieniu<\/p>\n\t\t<\/div>\n\t\t\t\t<\/div>\n\t\t\t\t<div class=\"elementor-post__meta-data\">\n\t\t\t\t\t<span class=\"elementor-post-date\">\n\t\t\t9 listopada, 2022\t\t<\/span>\n\t\t\t\t<span class=\"elementor-post-avatar\">\n\t\t\tBrak komentarzy\t\t<\/span>\n\t\t\t\t<\/div>\n\t\t\t\t\t<\/div>\n\t\t<\/article>\n\t\t\t\t<article class=\"elementor-post elementor-grid-item post-10559 post type-post status-publish format-standard has-post-thumbnail hentry category-uncategorized\">\n\t\t\t<div class=\"elementor-post__card\">\n\t\t\t\t<a class=\"elementor-post__thumbnail__link\" href=\"https:\/\/agnieszkachechlowska.pl\/index.php\/2022\/11\/09\/fotograf-slubny-z-paulina-i-mariuszem\/\" ><div class=\"elementor-post__thumbnail\"><img width=\"800\" height=\"534\" src=\"https:\/\/agnieszkachechlowska.pl\/wp-content\/uploads\/2022\/11\/123-min-1024x683.jpg\" class=\"attachment-large size-large\" alt=\"\" loading=\"lazy\" srcset=\"https:\/\/agnieszkachechlowska.pl\/wp-content\/uploads\/2022\/11\/123-min-1024x683.jpg 1024w, https:\/\/agnieszkachechlowska.pl\/wp-content\/uploads\/2022\/11\/123-min-300x200.jpg 300w, https:\/\/agnieszkachechlowska.pl\/wp-content\/uploads\/2022\/11\/123-min-768x512.jpg 768w, https:\/\/agnieszkachechlowska.pl\/wp-content\/uploads\/2022\/11\/123-min-1536x1024.jpg 1536w, https:\/\/agnieszkachechlowska.pl\/wp-content\/uploads\/2022\/11\/123-min-2048x1365.jpg 2048w\" sizes=\"(max-width: 800px) 100vw, 800px\" \/><\/div><\/a>\n\t\t\t\t<div class=\"elementor-post__text\">\n\t\t\t\t<h3 class=\"elementor-post__title\">\n\t\t\t<a href=\"https:\/\/agnieszkachechlowska.pl\/index.php\/2022\/11\/09\/fotograf-slubny-z-paulina-i-mariuszem\/\" >\n\t\t\t\tFotograf \u015alubny z Paulin\u0105 i Mariuszem\t\t\t<\/a>\n\t\t<\/h3>\n\t\t\t\t<div class=\"elementor-post__excerpt\">\n\t\t\t<p>Paulina i Mariusz &#8211; reporta\u017c \u015blubny\u00a0 Ka\u017cd\u0105 uroczysto\u015b\u0107 \u015blubn\u0105 mo\u017cna \u015bmia\u0142o okre\u015bli\u0107 jako unikaln\u0105. Ka\u017cdy szczeg\u00f3\u0142 odgrywa w ten dzie\u0144 wa\u017cn\u0105 rol\u0119. Dekoracje, aran\u017cacja, muzyka,<\/p>\n\t\t<\/div>\n\t\t\t\t<\/div>\n\t\t\t\t<div class=\"elementor-post__meta-data\">\n\t\t\t\t\t<span class=\"elementor-post-date\">\n\t\t\t9 listopada, 2022\t\t<\/span>\n\t\t\t\t<span class=\"elementor-post-avatar\">\n\t\t\tBrak komentarzy\t\t<\/span>\n\t\t\t\t<\/div>\n\t\t\t\t\t<\/div>\n\t\t<\/article>\n\t\t\t\t<article class=\"elementor-post elementor-grid-item post-10494 post type-post status-publish format-standard has-post-thumbnail hentry category-uncategorized\">\n\t\t\t<div class=\"elementor-post__card\">\n\t\t\t\t<a class=\"elementor-post__thumbnail__link\" href=\"https:\/\/agnieszkachechlowska.pl\/index.php\/2022\/11\/04\/elektrocieplownia-szombierki-fotografia-przemyslowa-i-industrialna\/\" ><div class=\"elementor-post__thumbnail\"><img width=\"800\" height=\"534\" src=\"https:\/\/agnieszkachechlowska.pl\/wp-content\/uploads\/2022\/11\/DSC09005-min-1024x683.jpg\" class=\"attachment-large size-large\" alt=\"\" loading=\"lazy\" srcset=\"https:\/\/agnieszkachechlowska.pl\/wp-content\/uploads\/2022\/11\/DSC09005-min-1024x683.jpg 1024w, https:\/\/agnieszkachechlowska.pl\/wp-content\/uploads\/2022\/11\/DSC09005-min-300x200.jpg 300w, https:\/\/agnieszkachechlowska.pl\/wp-content\/uploads\/2022\/11\/DSC09005-min-768x512.jpg 768w, https:\/\/agnieszkachechlowska.pl\/wp-content\/uploads\/2022\/11\/DSC09005-min-1536x1024.jpg 1536w, https:\/\/agnieszkachechlowska.pl\/wp-content\/uploads\/2022\/11\/DSC09005-min-2048x1365.jpg 2048w\" sizes=\"(max-width: 800px) 100vw, 800px\" \/><\/div><\/a>\n\t\t\t\t<div class=\"elementor-post__text\">\n\t\t\t\t<h3 class=\"elementor-post__title\">\n\t\t\t<a href=\"https:\/\/agnieszkachechlowska.pl\/index.php\/2022\/11\/04\/elektrocieplownia-szombierki-fotografia-przemyslowa-i-industrialna\/\" >\n\t\t\t\tElektrociep\u0142ownia Szombierki &#8211; fotografia przemys\u0142owa i industrialna\t\t\t<\/a>\n\t\t<\/h3>\n\t\t\t\t<div class=\"elementor-post__excerpt\">\n\t\t\t<p>Elektrociep\u0142ownia Szombierki w Bytomiu &#8211; fotografia przemys\u0142owa i industrialna Jaki\u015b czas temu odwiedzi\u0142am, tzw. industrialn\u0105 per\u0142\u0119 \u015al\u0105ska &#8211; EC Szombierki. Od 1920 roku jest to<\/p>\n\t\t<\/div>\n\t\t\t\t<\/div>\n\t\t\t\t<div class=\"elementor-post__meta-data\">\n\t\t\t\t\t<span class=\"elementor-post-date\">\n\t\t\t4 listopada, 2022\t\t<\/span>\n\t\t\t\t<span class=\"elementor-post-avatar\">\n\t\t\tBrak komentarzy\t\t<\/span>\n\t\t\t\t<\/div>\n\t\t\t\t\t<\/div>\n\t\t<\/article>\n\t\t\t\t<article class=\"elementor-post elementor-grid-item post-10454 post type-post status-publish format-standard has-post-thumbnail hentry category-uncategorized\">\n\t\t\t<div class=\"elementor-post__card\">\n\t\t\t\t<a class=\"elementor-post__thumbnail__link\" href=\"https:\/\/agnieszkachechlowska.pl\/index.php\/2022\/10\/30\/fotografia-wnetrz-apartament-wroclaw\/\" ><div class=\"elementor-post__thumbnail\"><img width=\"800\" height=\"534\" src=\"https:\/\/agnieszkachechlowska.pl\/wp-content\/uploads\/2022\/10\/DSC08015-HDR_21_11zon-1024x683.jpg\" class=\"attachment-large size-large\" alt=\"\" loading=\"lazy\" srcset=\"https:\/\/agnieszkachechlowska.pl\/wp-content\/uploads\/2022\/10\/DSC08015-HDR_21_11zon-1024x683.jpg 1024w, https:\/\/agnieszkachechlowska.pl\/wp-content\/uploads\/2022\/10\/DSC08015-HDR_21_11zon-300x200.jpg 300w, https:\/\/agnieszkachechlowska.pl\/wp-content\/uploads\/2022\/10\/DSC08015-HDR_21_11zon-768x512.jpg 768w, https:\/\/agnieszkachechlowska.pl\/wp-content\/uploads\/2022\/10\/DSC08015-HDR_21_11zon-1536x1024.jpg 1536w, https:\/\/agnieszkachechlowska.pl\/wp-content\/uploads\/2022\/10\/DSC08015-HDR_21_11zon-2048x1365.jpg 2048w\" sizes=\"(max-width: 800px) 100vw, 800px\" \/><\/div><\/a>\n\t\t\t\t<div class=\"elementor-post__text\">\n\t\t\t\t<h3 class=\"elementor-post__title\">\n\t\t\t<a href=\"https:\/\/agnieszkachechlowska.pl\/index.php\/2022\/10\/30\/fotografia-wnetrz-apartament-wroclaw\/\" >\n\t\t\t\tFotografia wn\u0119trz &#8211; apartament Wroc\u0142aw\t\t\t<\/a>\n\t\t<\/h3>\n\t\t\t\t<div class=\"elementor-post__excerpt\">\n\t\t\t<p>Fotografia wn\u0119trz &#8211; apartament we Wroc\u0142awiu Sesja apartamentu w Arche Hotel Wroc\u0142aw. Wi\u0119kszo\u015b\u0107 zdj\u0119\u0107 robi\u0142am technik\u0105 HDR (High Dynamic Range), czyli mieszaniem ze sob\u0105 takich<\/p>\n\t\t<\/div>\n\t\t\t\t<\/div>\n\t\t\t\t<div class=\"elementor-post__meta-data\">\n\t\t\t\t\t<span class=\"elementor-post-date\">\n\t\t\t30 pa\u017adziernika, 2022\t\t<\/span>\n\t\t\t\t<span class=\"elementor-post-avatar\">\n\t\t\tBrak komentarzy\t\t<\/span>\n\t\t\t\t<\/div>\n\t\t\t\t\t<\/div>\n\t\t<\/article>\n\t\t\t\t<article class=\"elementor-post elementor-grid-item post-10382 post type-post status-publish format-standard has-post-thumbnail hentry category-uncategorized\">\n\t\t\t<div class=\"elementor-post__card\">\n\t\t\t\t<a class=\"elementor-post__thumbnail__link\" href=\"https:\/\/agnieszkachechlowska.pl\/index.php\/2022\/10\/30\/przepiekne-wnetrze-xix-wiecznej-rezydencji-dworu-uphagena-w-dolnym-miescie-gdanska\/\" ><div class=\"elementor-post__thumbnail\"><img width=\"800\" height=\"534\" src=\"https:\/\/agnieszkachechlowska.pl\/wp-content\/uploads\/2022\/10\/DSC04478-1024x683.jpg\" class=\"attachment-large size-large\" alt=\"\" loading=\"lazy\" srcset=\"https:\/\/agnieszkachechlowska.pl\/wp-content\/uploads\/2022\/10\/DSC04478-1024x683.jpg 1024w, https:\/\/agnieszkachechlowska.pl\/wp-content\/uploads\/2022\/10\/DSC04478-300x200.jpg 300w, https:\/\/agnieszkachechlowska.pl\/wp-content\/uploads\/2022\/10\/DSC04478-768x512.jpg 768w, https:\/\/agnieszkachechlowska.pl\/wp-content\/uploads\/2022\/10\/DSC04478-1536x1024.jpg 1536w, https:\/\/agnieszkachechlowska.pl\/wp-content\/uploads\/2022\/10\/DSC04478-2048x1365.jpg 2048w\" sizes=\"(max-width: 800px) 100vw, 800px\" \/><\/div><\/a>\n\t\t\t\t<div class=\"elementor-post__text\">\n\t\t\t\t<h3 class=\"elementor-post__title\">\n\t\t\t<a href=\"https:\/\/agnieszkachechlowska.pl\/index.php\/2022\/10\/30\/przepiekne-wnetrze-xix-wiecznej-rezydencji-dworu-uphagena-w-dolnym-miescie-gdanska\/\" >\n\t\t\t\tPrzepi\u0119kne wn\u0119trze XIX wiecznej rezydencji dworu Uphagena w Dolnym Mie\u015bcie Gda\u0144ska\t\t\t<\/a>\n\t\t<\/h3>\n\t\t\t\t<div class=\"elementor-post__excerpt\">\n\t\t\t<p>Przepi\u0119kne wn\u0119trze XIX wiecznej rezydencji dworu Uphagena w Dolnym\u00a0Mie\u015bcie Gda\u0144ska To by\u0142a z pewno\u015bci\u0105 jedna z ciekawszych moich realizacji. Klimatyczne wn\u0119trze i \u0142adnie wpadaj\u0105ce \u015bwiat\u0142o.<\/p>\n\t\t<\/div>\n\t\t\t\t<\/div>\n\t\t\t\t<div class=\"elementor-post__meta-data\">\n\t\t\t\t\t<span class=\"elementor-post-date\">\n\t\t\t30 pa\u017adziernika, 2022\t\t<\/span>\n\t\t\t\t<span class=\"elementor-post-avatar\">\n\t\t\tBrak komentarzy\t\t<\/span>\n\t\t\t\t<\/div>\n\t\t\t\t\t<\/div>\n\t\t<\/article>\n\t\t\t\t<article class=\"elementor-post elementor-grid-item post-10298 post type-post status-publish format-standard has-post-thumbnail hentry category-uncategorized\">\n\t\t\t<div class=\"elementor-post__card\">\n\t\t\t\t<a class=\"elementor-post__thumbnail__link\" href=\"https:\/\/agnieszkachechlowska.pl\/index.php\/2022\/10\/27\/fotografia-koncertowa-koncert-muzyki-filmowej-gieldy-papierow-wartosciowych-w-warszawie-i-fundacji-gpw\/\" ><div class=\"elementor-post__thumbnail\"><img width=\"800\" height=\"534\" src=\"https:\/\/agnieszkachechlowska.pl\/wp-content\/uploads\/2022\/10\/DSC01165-1-1024x683.jpg\" class=\"attachment-large size-large\" alt=\"\" loading=\"lazy\" srcset=\"https:\/\/agnieszkachechlowska.pl\/wp-content\/uploads\/2022\/10\/DSC01165-1-1024x683.jpg 1024w, https:\/\/agnieszkachechlowska.pl\/wp-content\/uploads\/2022\/10\/DSC01165-1-300x200.jpg 300w, https:\/\/agnieszkachechlowska.pl\/wp-content\/uploads\/2022\/10\/DSC01165-1-768x512.jpg 768w, https:\/\/agnieszkachechlowska.pl\/wp-content\/uploads\/2022\/10\/DSC01165-1-1536x1024.jpg 1536w, https:\/\/agnieszkachechlowska.pl\/wp-content\/uploads\/2022\/10\/DSC01165-1-2048x1365.jpg 2048w\" sizes=\"(max-width: 800px) 100vw, 800px\" \/><\/div><\/a>\n\t\t\t\t<div class=\"elementor-post__text\">\n\t\t\t\t<h3 class=\"elementor-post__title\">\n\t\t\t<a href=\"https:\/\/agnieszkachechlowska.pl\/index.php\/2022\/10\/27\/fotografia-koncertowa-koncert-muzyki-filmowej-gieldy-papierow-wartosciowych-w-warszawie-i-fundacji-gpw\/\" >\n\t\t\t\tFotografia koncertowa &#8211; Koncert muzyki filmowej Gie\u0142dy Papier\u00f3w Warto\u015bciowych w Warszawie i Fundacji GPW\t\t\t<\/a>\n\t\t<\/h3>\n\t\t\t\t<div class=\"elementor-post__excerpt\">\n\t\t\t<p>Fotografia koncertowa &#8211; Koncert muzyki filmowej Gie\u0142dy Papier\u00f3w Warto\u015bciowych i Fundacji GPW Przepi\u0119kna sala Narodowej Orkiestry Symfonicznej Polskiego Radia w Katowicach, wspaniali arty\u015bci, efektowne stroje&#8230;<\/p>\n\t\t<\/div>\n\t\t\t\t<\/div>\n\t\t\t\t<div class=\"elementor-post__meta-data\">\n\t\t\t\t\t<span class=\"elementor-post-date\">\n\t\t\t27 pa\u017adziernika, 2022\t\t<\/span>\n\t\t\t\t<span class=\"elementor-post-avatar\">\n\t\t\tBrak komentarzy\t\t<\/span>\n\t\t\t\t<\/div>\n\t\t\t\t\t<\/div>\n\t\t<\/article>\n\t\t\t\t<article class=\"elementor-post elementor-grid-item post-10252 post type-post status-publish format-standard has-post-thumbnail hentry category-uncategorized\">\n\t\t\t<div class=\"elementor-post__card\">\n\t\t\t\t<a class=\"elementor-post__thumbnail__link\" href=\"https:\/\/agnieszkachechlowska.pl\/index.php\/2022\/10\/26\/jesienny-sielski-klimat-i-fotografia-architektury\/\" ><div class=\"elementor-post__thumbnail\"><img width=\"800\" height=\"534\" src=\"https:\/\/agnieszkachechlowska.pl\/wp-content\/uploads\/2022\/10\/DSC01098-1024x683.jpg\" class=\"attachment-large size-large\" alt=\"\" loading=\"lazy\" srcset=\"https:\/\/agnieszkachechlowska.pl\/wp-content\/uploads\/2022\/10\/DSC01098-1024x683.jpg 1024w, https:\/\/agnieszkachechlowska.pl\/wp-content\/uploads\/2022\/10\/DSC01098-300x200.jpg 300w, https:\/\/agnieszkachechlowska.pl\/wp-content\/uploads\/2022\/10\/DSC01098-768x512.jpg 768w, https:\/\/agnieszkachechlowska.pl\/wp-content\/uploads\/2022\/10\/DSC01098-1536x1024.jpg 1536w, https:\/\/agnieszkachechlowska.pl\/wp-content\/uploads\/2022\/10\/DSC01098-2048x1365.jpg 2048w\" sizes=\"(max-width: 800px) 100vw, 800px\" \/><\/div><\/a>\n\t\t\t\t<div class=\"elementor-post__text\">\n\t\t\t\t<h3 class=\"elementor-post__title\">\n\t\t\t<a href=\"https:\/\/agnieszkachechlowska.pl\/index.php\/2022\/10\/26\/jesienny-sielski-klimat-i-fotografia-architektury\/\" >\n\t\t\t\tJesienny, sielski klimat i fotografia architektury\t\t\t<\/a>\n\t\t<\/h3>\n\t\t\t\t<div class=\"elementor-post__excerpt\">\n\t\t\t<p>Jesienny, sielski klimat i fotografia architektury Jedno z ulubionych moich zlece\u0144. Spok\u00f3j, cisza, natura, aparat i ja. Tak jest w\u0142a\u015bnie w Arche Siedliskach. Do tego<\/p>\n\t\t<\/div>\n\t\t\t\t<\/div>\n\t\t\t\t<div class=\"elementor-post__meta-data\">\n\t\t\t\t\t<span class=\"elementor-post-date\">\n\t\t\t26 pa\u017adziernika, 2022\t\t<\/span>\n\t\t\t\t<span class=\"elementor-post-avatar\">\n\t\t\tBrak komentarzy\t\t<\/span>\n\t\t\t\t<\/div>\n\t\t\t\t\t<\/div>\n\t\t<\/article>\n\t\t\t\t<article class=\"elementor-post elementor-grid-item post-10227 post type-post status-publish format-standard has-post-thumbnail hentry category-uncategorized\">\n\t\t\t<div class=\"elementor-post__card\">\n\t\t\t\t<a class=\"elementor-post__thumbnail__link\" href=\"https:\/\/agnieszkachechlowska.pl\/index.php\/2022\/10\/25\/witaj-na-moim-blogu\/\" ><div class=\"elementor-post__thumbnail\"><img width=\"800\" height=\"534\" src=\"https:\/\/agnieszkachechlowska.pl\/wp-content\/uploads\/2022\/10\/DSC00371-2-1024x683.jpg\" class=\"attachment-large size-large\" alt=\"\" loading=\"lazy\" srcset=\"https:\/\/agnieszkachechlowska.pl\/wp-content\/uploads\/2022\/10\/DSC00371-2-1024x683.jpg 1024w, https:\/\/agnieszkachechlowska.pl\/wp-content\/uploads\/2022\/10\/DSC00371-2-300x200.jpg 300w, https:\/\/agnieszkachechlowska.pl\/wp-content\/uploads\/2022\/10\/DSC00371-2-768x512.jpg 768w, https:\/\/agnieszkachechlowska.pl\/wp-content\/uploads\/2022\/10\/DSC00371-2-1536x1024.jpg 1536w, https:\/\/agnieszkachechlowska.pl\/wp-content\/uploads\/2022\/10\/DSC00371-2-2048x1365.jpg 2048w\" sizes=\"(max-width: 800px) 100vw, 800px\" \/><\/div><\/a>\n\t\t\t\t<div class=\"elementor-post__text\">\n\t\t\t\t<h3 class=\"elementor-post__title\">\n\t\t\t<a href=\"https:\/\/agnieszkachechlowska.pl\/index.php\/2022\/10\/25\/witaj-na-moim-blogu\/\" >\n\t\t\t\tWitaj na moim blogu!\t\t\t<\/a>\n\t\t<\/h3>\n\t\t\t\t<div class=\"elementor-post__excerpt\">\n\t\t\t<p>Witaj na moim blogu!&nbsp; Znajdziesz tutaj wpisy z r\u00f3\u017cnych reporta\u017cy, wydarze\u0144 i sesji fotograficznych zar\u00f3wno tych produktowych, jak i z udzia\u0142em ludzi. Pojawi\u0105 si\u0119 tak\u017ce<\/p>\n\t\t<\/div>\n\t\t\t\t<\/div>\n\t\t\t\t<div class=\"elementor-post__meta-data\">\n\t\t\t\t\t<span class=\"elementor-post-date\">\n\t\t\t25 pa\u017adziernika, 2022\t\t<\/span>\n\t\t\t\t<span class=\"elementor-post-avatar\">\n\t\t\tBrak komentarzy\t\t<\/span>\n\t\t\t\t<\/div>\n\t\t\t\t\t<\/div>\n\t\t<\/article>\n\t\t\t\t<\/div>\n\n\n\t\t\n\t\t\t\t<\/div>\n\t\t\t\t<\/div>\n\t\t\t\t\t<\/div>\n\t\t<\/div>\n\t\t\t\t\t\t\t<\/div>\n\t\t<\/section>\n\t\t\t\t<section class=\"elementor-section elementor-top-section elementor-element elementor-element-6d7f5bc elementor-section-boxed elementor-section-height-default elementor-section-height-default\" data-id=\"6d7f5bc\" data-element_type=\"section\">\n\t\t\t\t\t\t<div class=\"elementor-container elementor-column-gap-default\">\n\t\t\t\t\t<div class=\"elementor-column elementor-col-100 elementor-top-column elementor-element elementor-element-a158198\" data-id=\"a158198\" data-element_type=\"column\">\n\t\t\t<div class=\"elementor-widget-wrap\">\n\t\t\t\t\t\t\t\t\t<\/div>\n\t\t<\/div>\n\t\t\t\t\t\t\t<\/div>\n\t\t<\/section>\n\t\t\t\t\t\t\t<\/div>\n\t\t","protected":false},"excerpt":{"rendered":"","protected":false},"author":1,"featured_media":0,"parent":0,"menu_order":0,"comment_status":"closed","ping_status":"closed","template":"elementor_header_footer","meta":[],"_links":{"self":[{"href":"https:\/\/agnieszkachechlowska.pl\/index.php\/wp-json\/wp\/v2\/pages\/48"}],"collection":[{"href":"https:\/\/agnieszkachechlowska.pl\/index.php\/wp-json\/wp\/v2\/pages"}],"about":[{"href":"https:\/\/agnieszkachechlowska.pl\/index.php\/wp-json\/wp\/v2\/types\/page"}],"author":[{"embeddable":true,"href":"https:\/\/agnieszkachechlowska.pl\/index.php\/wp-json\/wp\/v2\/users\/1"}],"replies":[{"embeddable":true,"href":"https:\/\/agnieszkachechlowska.pl\/index.php\/wp-json\/wp\/v2\/comments?post=48"}],"version-history":[{"count":13,"href":"https:\/\/agnieszkachechlowska.pl\/index.php\/wp-json\/wp\/v2\/pages\/48\/revisions"}],"predecessor-version":[{"id":10731,"href":"https:\/\/agnieszkachechlowska.pl\/index.php\/wp-json\/wp\/v2\/pages\/48\/revisions\/10731"}],"wp:attachment":[{"href":"https:\/\/agnieszkachechlowska.pl\/index.php\/wp-json\/wp\/v2\/media?parent=48"}],"curies":[{"name":"wp","href":"https:\/\/api.w.org\/{rel}","templated":true}]}}